{"id":39,"date":"2020-08-29T16:30:58","date_gmt":"2020-08-29T14:30:58","guid":{"rendered":"http:\/\/localhost\/JHS\/?page_id=39"},"modified":"2022-10-05T17:11:09","modified_gmt":"2022-10-05T15:11:09","slug":"simone-modlinski","status":"publish","type":"page","link":"https:\/\/www.jugendheimstaetten-duisburg.de\/?page_id=39","title":{"rendered":"Menschen"},"content":{"rendered":"\n<p class=\"has-drop-cap\">Wir sind Menschen<\/p>\n\n\n<p><span style=\"color: #262626;\">&#8211;<\/span><\/p>\n\n\n<figure class=\"wp-block-embed-vimeo aligncenter wp-block-embed is-type-video is-provider-vimeo wp-embed-aspect-16-9 wp-has-aspect-ratio\"><div class=\"wp-block-embed__wrapper\">\n<iframe loading=\"lazy\" title=\"Wir sind Menschen\" src=\"https:\/\/player.vimeo.com\/video\/210907908?dnt=1&amp;app_id=122963\" width=\"525\" height=\"420\" frameborder=\"0\" allow=\"autoplay; fullscreen; picture-in-picture; clipboard-write\"><\/iframe>\n<\/div><figcaption><\/figcaption><\/figure>\n\n\n\n<p>Das Lied &#8222;Wir sind Menschen&#8220; entstand im Rahmen des Projekts &#8222;United with Music and Respect&#8220;. Zwei Jugendliche der Jugendheimst\u00e4tten haben es mit Unterst\u00fctzung eines P\u00e4dagogen im Tonstudio aufgenommen und dabei den Gesangs- und Schlagzeugpart \u00fcbernommen. Am 15. M\u00e4rz 2017 wurde es live in der Hochschule D\u00fcsseldorf gespielt. Hier ist es nun mit einigen Impressionen der Jugendheimst\u00e4tten zu h\u00f6ren.<\/p>\n\n\n\n<p class=\"has-drop-cap\"><strong>Dr. Hans Ulrich K\u00f6ller<\/strong>, \u201eUnser Doc\u201c<\/p>\n\n\n<div class=\"wp-block-image\">\n<figure class=\"aligncenter size-medium\"><a href=\"https:\/\/www.jugendheimstaetten-duisburg.de\/wp-content\/uploads\/2022\/10\/Doc2-scaled.jpg\"><img loading=\"lazy\" decoding=\"async\" width=\"275\" height=\"300\" src=\"https:\/\/www.jugendheimstaetten-duisburg.de\/wp-content\/uploads\/2022\/10\/Doc2-275x300.jpg\" alt=\"\" class=\"wp-image-8982\" srcset=\"https:\/\/www.jugendheimstaetten-duisburg.de\/wp-content\/uploads\/2022\/10\/Doc2-275x300.jpg 275w, https:\/\/www.jugendheimstaetten-duisburg.de\/wp-content\/uploads\/2022\/10\/Doc2-937x1024.jpg 937w, https:\/\/www.jugendheimstaetten-duisburg.de\/wp-content\/uploads\/2022\/10\/Doc2-768x839.jpg 768w, https:\/\/www.jugendheimstaetten-duisburg.de\/wp-content\/uploads\/2022\/10\/Doc2-1406x1536.jpg 1406w, https:\/\/www.jugendheimstaetten-duisburg.de\/wp-content\/uploads\/2022\/10\/Doc2-1874x2048.jpg 1874w\" sizes=\"auto, (max-width: 275px) 100vw, 275px\" \/><\/a><\/figure>\n<\/div>\n\n\n<p>\u2026war der erste Jugendliche, der im M\u00e4rz 1952 in unser Haus an der Zeppelinstra\u00dfe einzog. Er begann eine Ausbildung als Maschinenschlosser und machte zeitgleich sein Abitur. Schon w\u00e4hrend seines Studiums war er als Freizeitbetreuer und sp\u00e4ter als Erzieher bei den Jugendheimst\u00e4tten t\u00e4tig.<\/p>\n\n\n\n<p>1964 erlangte unser \u201eDoc\u201c den Doktorgrad der philosophischen Fakult\u00e4t der Universit\u00e4t zu K\u00f6ln und wurde im gleichen Jahr Heimleiter bei den Jugendheimst\u00e4tten. Das blieb er bis zum Jahr 2000, als er \u201ein Rente\u201c ging. Au\u00dferdem war er f\u00fcr unseren Verein von 1953 bis 2020 im Vorstand aktiv.<\/p>\n\n\n\n<p>Mit den Gr\u00fcndern der Jugendheimst\u00e4tten, Hartmut und Marie Schneider, baute er das Gruppenwesen, die Erlebnisp\u00e4dagogik und das gesamte Fahrtenwesen unserer Jugendheimst\u00e4tten auf. Viele Jahre verbrachte er die Wochenenden und Ferienzeiten auf unseren Schiffen, um den Jugendlichen das Segeln beizubringen.<\/p>\n\n\n\n<p>Besonders beeindruckend war seine mehr als gro\u00dfe Bescheidenheit. Wir werden ihn immer in unseren Herzen tragen.<\/p>\n\n\n\n<p><em>Wir danken dir sehr f\u00fcr dein Lebenswerk, das wir in deinem Sinne weiterf\u00fchren.<\/em><\/p>\n\n\n\n<p class=\"has-drop-cap\"><strong>Simone<\/strong>, Gesch\u00e4ftsf\u00fchrerin<\/p>\n\n\n<div class=\"wp-block-image\">\n<figure class=\"aligncenter size-large\"><img loading=\"lazy\" decoding=\"async\" width=\"225\" height=\"300\" src=\"https:\/\/www.jugendheimstaetten-duisburg.de\/wp-content\/uploads\/2020\/08\/Simone-225x300-1.jpg\" alt=\"\" class=\"wp-image-7952\"\/><\/figure>\n<\/div>\n\n\n<p>&#8230;wohnte als Tochter des damaligen Heimleiters Dr. Hans-Ulrich K\u00f6ller die ersten sechs Lebensjahre mit ihren Eltern im Jugendwohnheim an der Zeppelinstra\u00dfe.<\/p>\n\n\n\n<p>Als langj\u00e4hriges Mitglied im Verein der Jugendheimst\u00e4tten Niederrhein e.V. war Simones Blick aber immer schon nicht nur auf die Verwaltung fokussiert, sondern es lagen ihr immer alle Belange des Vereins am Herzen.<\/p>\n\n\n\n<p>Auch nach dem Umzug in eine f\u00fcnf Minuten entfernte Wohnung war Simone noch h\u00e4ufig im Heim. Mit ihrer Mutter begleitete sie ihren Vater bei einigen Ferienfahrten der Bewohner der Zeppelinstra\u00dfe. Auch Weihnachten wurde zusammen im Heim gefeiert.<\/p>\n\n\n\n<p>Die Jugendheimst\u00e4tten waren immer Thema zu Hause. Dazu kamen die vielf\u00e4ltigen Kontakte zwischen Simones Familie und dem Ehepaar Marie und Hartmut Schneider, sodass sich das Gedankengut der Gr\u00fcnder der Jugendheimst\u00e4tten in ihr fortpflanzte.<\/p>\n\n\n\n<p>So begann Simone im Alter von 22 Jahren ihre Besch\u00e4ftigung in der Verwaltung der Jugendheimst\u00e4tten. Auch w\u00e4hrend der Elternzeit durch ihre zwei Kinder lie\u00df das Heim sie nie ganz los, sodass sie dennoch einmal die Woche vor Ort t\u00e4tig war. Nach einer \u00dcbergangsphase mit einer halben Stelle, ist sie mittlerweile t\u00e4glich als Gesch\u00e4ftsf\u00fchrerin und Leiterin der Verwaltung in der Zeppelinstra\u00dfe t\u00e4tig.<\/p>\n\n\n\n<p>Seit dem Jahr 2014 ist Simone Teil des Vorstandes. Zun\u00e4chst \u00fcbernahm sie das Amt der 2. Vorsitzenden, 2016 wurde sie zur ersten Frau an der Spitze des Vereins gew\u00e4hlt. Im August  2020 wechselte Simone in die Gesch\u00e4ftsf\u00fchrung und verantwortet seit dem den gesamten operativen Bereich des Vereins. Die Ernennung zum Mitglied des Vorstandes bedeutet f\u00fcr sie zwar eine besondere Ehre, stellt aber zugleich auch eine besondere Verpflichtung und Herausforderung dar.<\/p>\n\n\n\n<p>Ein wichtiges Anliegen ist es f\u00fcr Simone \u2013 wie es auch immer bei ihrem Vater war -, die Grundideen der p\u00e4dagogischen Konzeptionen der Vereinsgr\u00fcnder zu bewahren und den Verein in deren Sinne weiterzuentwickeln und alle Einrichtungen zukunftsweisend aufzustellen.<\/p>\n\n\n\n<p>Dabei m\u00f6chte sie all unseren Bewohnerinnen und Bewohnern soweit wie m\u00f6glich ein wohnliches Zuhause auf Zeit erm\u00f6glichen und allen Mitarbeitenden ein guter und fairer Arbeitgeber sein.<\/p>\n\n\n\n<p class=\"has-drop-cap\"><strong>Joachim<\/strong>, Einrichtungsleiter<\/p>\n\n\n<p><a href=\"https:\/\/www.jugendheimstaetten-duisburg.de\/wp-content\/uploads\/2020\/10\/Jochen.jpg\"><img loading=\"lazy\" decoding=\"async\" class=\"aligncenter size-full wp-image-8547\" src=\"https:\/\/www.jugendheimstaetten-duisburg.de\/wp-content\/uploads\/2020\/10\/Jochen.jpg\" alt=\"\" width=\"300\" height=\"200\"><\/a><\/p>\n<p>\u2026fing 1987 als Erzieher bei den Jugendheimst\u00e4tten an und ist nun bereits seit \u00fcber 30 Jahren f\u00fcr uns t\u00e4tig. Der geb\u00fcrtige Duisburger startete im Gruppendienst. Individuelle Aufmerksamkeit f\u00fcr die Jugendlichen, Beziehungsarbeit, Erlebnisp\u00e4dagogik und Sportangebote geh\u00f6rten zu seinem Arbeitsalltag. Insbesondere bei unseren Segelfreizeiten war und ist Joachim aktiv. Aber auch verschiedene S\u00fcdland-, Fahrrad- und Paddeltouren hat er organisiert und begleitet.<\/p>\n<p>Im weiteren Verlauf seines Werdegangs \u00fcbernahm er die Wohngruppenleitung an der Zeppelinstra\u00dfe. Zudem konnte er neben seiner Arbeit ein Bachelorstudium des Gesundheits- und Sozialmanagements erfolgreich abschlie\u00dfen.<\/p>\n<p>Bei der Arbeit sind Joachim Achtsamkeit, Empathie, Zuh\u00f6ren und Gemeinschaft besonders wichtig. Durch gemeinsames Erleben sollen Beziehungen mit den Jugendlichen aufgebaut werden. Als Vorbild will er den Kindern und Jugendlichen volle Aufmerksamkeit schenken und seine eigenen Werte vorleben.<\/p>\n<p>2020 wurde ihm als neuer Einrichtungsleiter das Steuerrad der Jugendheimst\u00e4tten \u00fcbergeben. Er freut sich auf seine neuen Aufgaben, ist dabei aber noch weiterhin sehr gerne im direkten Kontakt mit den Bewohnern. Mit Innovationen und neuen Wegen will Joachim die Jugendheimst\u00e4tten weiterentwickeln, wobei die Pfade, die sich als zuverl\u00e4ssig und erfolgreich bew\u00e4hrt haben, nicht aus den Augen gelassen und weiter genutzt werden sollen.<\/p>\n\n\n<p class=\"has-drop-cap\"><strong>Klaus<\/strong>, Psychotherapeut<\/p>\n\n\n\n<figure class=\"wp-block-image size-large\"><img loading=\"lazy\" decoding=\"async\" width=\"300\" height=\"200\" src=\"https:\/\/www.jugendheimstaetten-duisburg.de\/wp-content\/uploads\/2020\/08\/Klaus-300x200-1.jpg\" alt=\"\" class=\"wp-image-7864\"\/><\/figure>\n\n\n\n<p>&#8230;hat nach dem Studium der Diplom Sozialp\u00e4dagogik und Erziehungswissenschaften sein Berufsanerkennungsjahr im Institut f\u00fcr Jugendhilfe in Duisburg absolviert. Schon w\u00e4hrend dieser Zeit bemerkte er, dass ihm sein Handwerkszeug f\u00fcr das, was er an Verletzungen, Verwirrungen und Entwicklungsst\u00f6rungen bei den Kindern und Jugendlichen wahrgenommen hat, nicht ausreichte. So folgten mehrere Zusatzausbildungen mit der Approbation als Kinder- und Jugendlichenpsychotherapeut und der Akkreditierung als Supervisor.<\/p>\n\n\n\n<p>Zun\u00e4chst arbeitete Klaus Becker in einer Sexualberatungsstelle der Arbeiterwohlfahrt in Essen mit dem eigenen Arbeitsschwerpunkt \u201eSexuelle Orientierung\u201c und unterst\u00fctzte dort m\u00e4nnliche Jugendliche und m\u00e4nnliche Erwachsene darin, ihre individuelle Sexualit\u00e4t zu finden und damit gl\u00fccklich werden zu k\u00f6nnen, unabh\u00e4ngig davon, ob schwul, bi-, hetero- oder transsexuell.<\/p>\n\n\n\n<p>Nach einer langen und sehr intensiven Zeit wechselte er in die Fachberatungsstelle des Deutschen Kinderschutzbundes, Ortsverband Duisburg, in der er \u00fcber zehn Jahre lang mit Jungen psychotherapeutisch arbeitete, die Gewalt und sexuelle Gewalt erlitten haben.<\/p>\n\n\n\n<p>W\u00e4hrend dieser Zeit f\u00fchrte er auch bei den Jugendheimst\u00e4tten f\u00fcr die P\u00e4dagogen*innen Fall-\/Fachberatungen und Fortbildungen zum Thema Sexualit\u00e4t und sexuelle Gewalt bei Jungen durch. So lernte er unsere Einrichtung kennen und war, wie er selbst es ausdr\u00fcckt, <em>\u201ebeeindruckt vom humanistischen Ansatz und dem gelebten Anspruch: Nein zu Rassismus, Nein zu Sexismus und Nein zu Gewalt!\u201c<\/em><\/p>\n\n\n\n<p>Als dann unerwarteterweise die Jungenarbeit der Fachberatungsstelle des Kinderschutzbundes eingestellt wurde, setzte sich der damalige Gesamteinrichtungsleiter Lutz Ehrlich erfolgreich daf\u00fcr ein, eine Stelle f\u00fcr Klaus Becker bei den Jugendheimst\u00e4tten zu schaffen. <em>\u201eHeute<\/em>&#8218;, so sagt Klaus Becker, <em>\u201eginge ich f\u00fcr kein Geld der Welt mehr zur\u00fcck, denn hier bei den Jugendheimst\u00e4tten kann ich all das, was ich gelernt habe, einbringen!\u201c<\/em><\/p>\n\n\n\n<p>Klaus Becker arbeitet in seinem Arbeitsschwerpunkt \u201ePsychotherapie f\u00fcr die Jungen und Fall-\/Fachberatung f\u00fcr das P\u00e4dagogen*innenteam\u201c autonom und wird beratend mit ins Leitungsteam einbezogen. <\/p>\n\n\n\n<p>&#8222;<em>Ich \u00fcbe meinen Beruf sehr gerne aus, weil ich Menschen solidarisch darin unterst\u00fctzen kann, Verletzungen zu heilen und den ihnen eigenen Weg gehen zu k\u00f6nnen; hierbei sind f\u00fcr mich Vielfalt, Toleranz und Mitgef\u00fchl sehr wesentlich.<\/em>&#8222;<\/p>\n\n\n\n<p class=\"has-drop-cap\"><strong>Engin<\/strong>, Erzieher<\/p>\n\n\n\n<figure class=\"wp-block-image size-large is-resized\"><a href=\"https:\/\/www.jugendheimstaetten-duisburg.de\/wp-content\/uploads\/2021\/07\/Engin.jpg\"><img loading=\"lazy\" decoding=\"async\" src=\"https:\/\/www.jugendheimstaetten-duisburg.de\/wp-content\/uploads\/2021\/07\/Engin-1024x682.jpg\" alt=\"\" class=\"wp-image-8617\" width=\"384\" height=\"256\" srcset=\"https:\/\/www.jugendheimstaetten-duisburg.de\/wp-content\/uploads\/2021\/07\/Engin-1024x682.jpg 1024w, https:\/\/www.jugendheimstaetten-duisburg.de\/wp-content\/uploads\/2021\/07\/Engin-300x200.jpg 300w, https:\/\/www.jugendheimstaetten-duisburg.de\/wp-content\/uploads\/2021\/07\/Engin-768x511.jpg 768w, https:\/\/www.jugendheimstaetten-duisburg.de\/wp-content\/uploads\/2021\/07\/Engin.jpg 1280w\" sizes=\"auto, (max-width: 384px) 100vw, 384px\" \/><\/a><\/figure>\n\n\n\n<p>&#8230;ist seit 2013 bei den Jugendheimst\u00e4tten angestellt. Nach seinem Anerkennungsjahr arbeitete er ein Jahr lang in einer Kindertagesst\u00e4tte und wurde durch einen Kollegen auf uns aufmerksam. Nach einer Hospitation bei den Jugendheimst\u00e4tten war er von der Arbeitsweise und Konzeption vollkommen \u00fcberzeugt und wurde so Mitglied unseres Teams.<\/p>\n\n\n\n<p>Engin freut sich immer \u00fcber neue Herausforderungen und sch\u00e4tzt die Jugendheimst\u00e4tten besonders f\u00fcr die Offenheit, mit der neue Ideen angenommen werden.<\/p>\n\n\n\n<p>Seit November 2013 bietet er zusammen mit einer weiteren Mitarbeiterin die Fotografie-AG an. Derzeit befasst sich die AG unter dem Thema \u201eDie Reise\u201c mit der Verarbeitung von Emotionen. Unbegleiteten minderj\u00e4hrigen Asylsuchenden soll hier die M\u00f6glichkeit gegebenen werden, anhand von Bildern den Weg nach Deutschland zu verarbeiten und zu rekonstruieren.<\/p>\n\n\n\n<p>Engin arbeitet im Haupthaus an der Zeppelinstra\u00dfe auf der Lehrlingsetage und begleitet die Jugendlichen dort beim \u00dcbergang in die Selbstst\u00e4ndigkeit.<\/p>\n\n\n\n<p class=\"has-drop-cap\"><strong>Karl-Heinz (Kalle)<\/strong>, Vorsitzender der JHS<\/p>\n\n\n\n<center><figure class=\"wp-block-image size-large\"><img loading=\"lazy\" decoding=\"async\" width=\"212\" height=\"300\" src=\"https:\/\/www.jugendheimstaetten-duisburg.de\/wp-content\/uploads\/2020\/08\/Franze-212x300-1.jpg\" alt=\"\" class=\"wp-image-7614\"\/><\/figure><\/center>\n\n\n\n<p>&#8230;zog es nach Beendigung seiner Zeit als Zivi und T\u00e4tigkeit als Erzieher in den Jugendheimst\u00e4tten in die Ferne zum Studium des Lehramtes f\u00fcr die Realschule mit den F\u00e4chern Sport und Geschichte. Damit nicht genug, folgten die Studieng\u00e4nge Diplomp\u00e4dagogik (Schwerpunkt Heimerziehung) und Sonderp\u00e4dagogik. Seine Ausbildungen im therapeutischen Bereich (Gestalt- und Lehrtherapeut) sollten nicht unerw\u00e4hnt bleiben.<\/p>\n\n\n\n<p>Zur\u00fcckgekehrt nach Duisburg verantwortete er bei uns bis August 2020 neben seiner Funktion als Gesch\u00e4ftsf\u00fchrer und Einrichtungsleiter die Bereiche Personal- und Qualit\u00e4tsmanagement sowie konzeptionelle Weiterentwicklung der Einrichtungen. Als jetziger Vorsitzender der Jugendheimst\u00e4tten bleiben diese Themen weiterhin im Fokus seines Engagements.<\/p>\n\n\n\n<p>Praxiswissen und vielf\u00e4ltige Erfahrungen f\u00fcr die Arbeit in den Jugendheimst\u00e4tten erwarb Kalle sich genauso in der Industrie, wie auch bei Verb\u00e4nden, (Hoch-) Schulen und Bildungstr\u00e4gern. Aufgrund seiner eigenen, mit dem Bildungsgedanken der Jugendheimst\u00e4tten eng verkn\u00fcpften, Biografie, seinem verbindlichen Anspruch eines christlich humanistischen Verst\u00e4ndnisses sowie dem Anliegen der Humanistischen Psychologie, ist es Kalle ein Grundanliegen, Personalmanagement, Personalentwicklung sowie Qualit\u00e4tsentwicklung im Verbund unserer Einrichtungen zu einem andauernden Prozess der Partizipation von allen Beteiligten der Jugendheimst\u00e4tten im Sinne eines lebenslangen Lernens zu gestalten.<\/p>\n\n\n\n<p>Ach ja, Zeit f\u00fcr das Privatleben blieb Kalle auch. Er ist verheiratet und Vater zweier erwachsener T\u00f6chter.<\/p>\n\n\n\n<p class=\"has-drop-cap\"><strong>Rene<\/strong>, Erzieher<\/p>\n\n\n\n<figure class=\"wp-block-image size-large\"><img loading=\"lazy\" decoding=\"async\" width=\"300\" height=\"169\" src=\"https:\/\/www.jugendheimstaetten-duisburg.de\/wp-content\/uploads\/2020\/08\/Rene-300x169-1.jpg\" alt=\"\" class=\"wp-image-7939\"\/><\/figure>\n\n\n\n<p>\u2026wurde 1969 in D\u00fcsseldorf geboren und ging nach seiner Ausbildung zum elektrotechnischen Assistenten f\u00fcr sieben Jahre zur Bundeswehr. Seine Ausbildung zum Offizier schloss er ebenfalls erfolgreich ab und studierte an der Universit\u00e4t der Bundeswehr in M\u00fcnchen P\u00e4dagogik. Rene entschied sich daraufhin aus pers\u00f6nlichen Gr\u00fcnden f\u00fcr eine Ausbildung zum Erzieher. 2000 beendete er diese erfolgreich und arbeitet nun bereits seit 2001 f\u00fcr die Jugendheimst\u00e4tten.<\/p>\n\n\n\n<p>Nach zw\u00f6lf Jahren in drei Wohngruppen der Zeppelinstra\u00dfe, genie\u00dft er jetzt die Arbeit im Wohnprojekt Gerokstra\u00dfe, wo er seine gesammelten Erfahrungen in die Arbeit einbringt, sodass vor allem die Jugendlichen davon profitieren k\u00f6nnen.<\/p>\n\n\n\n<p>Bei der Zusammenarbeit mit den Jugendlichen erwartet Rene vor allem Zuverl\u00e4ssigkeit und Ehrlichkeit, die Eigenschaften, die die Voraussetzungen f\u00fcr eine erfolgreiche Arbeit sind und die er vorlebt. Ansonsten orientiert sich sein Leben am Rheinischen Grundgesetz, Rene versucht sein Leben mit viel Humor und Genuss zu gestalten.<\/p>\n\n\n\n<p><em>\u201eNur sprechenden Menschen kann geholfen werden und wer den Weg ins Leben mit mir geht, wird mich mal sch\u00fctzend vor sich erleben und mal fordernd hinter sich. Rechts und links Blumen pfl\u00fccken ist auch erlaubt, solange das Ziel nicht aus den Augen verloren wird.\u201c<\/em><\/p>\n\n\n\n<p class=\"has-drop-cap\"><strong>Frank<\/strong>, Sozialp\u00e4dagoge<\/p>\n\n\n\n<center><figure class=\"wp-block-image size-large\"><img loading=\"lazy\" decoding=\"async\" width=\"200\" height=\"300\" src=\"https:\/\/www.jugendheimstaetten-duisburg.de\/wp-content\/uploads\/2020\/08\/FrankW-200x300-1.jpg\" alt=\"\" class=\"wp-image-7604\"\/><\/figure><\/center>\n\n\n\n<p>\u2026ist in einem 700 Einwohner gro\u00dfen Dorf im M\u00fcnsterland aufgewachsen. Nach seinem Realschulabschluss machte er eine Tischlerausbildung und arbeitete zwei Jahre in diesem Bereich. Durch seinen Zivildienst konnte er erste Erfahrungen mit der Arbeit als Erzieher sammeln. Nach seinem anschlie\u00dfenden Fachabitur im Bauwesen, orientierte er sich neu. Frank schloss eine Ausbildung zum Erzieher erfolgreich ab und arbeitete zwei Jahre im M\u00fcnsterland mit Jugendlichen aus Psychiatrien und Jugendvollzugsanstalten. Nach seinem Umzug 2004 nach Krefeld fand er f\u00fcr neun Jahre in einer Wohngruppe f\u00fcr Kinder und Jugendliche eine Arbeitsstelle. Nebenbei schloss er ein Studium als Sozialp\u00e4dagoge in Nijmegen ab. Aufgrund seiner Weiterqualifizierung suchte er nun einen neuen Arbeitgeber und fand in den Jugendheimst\u00e4tten genau das, was er gesucht hatte. So nahm er im Oktober 2012 seine Arbeit als stellvertrende Leitung in der AWG Watereck auf. Bereits im Mai 2013 entschied sich, dass Frank die Leitung unseres Neubaus an der Amalienstra\u00dfe \u00fcbernehmen sollte.<\/p>\n\n\n\n<p>An seiner neuen Aufgabe sch\u00e4tzt Frank vor allem die vielen Herausforderungen und M\u00f6glichkeiten, die sich ihm bieten. Er hat hier die M\u00f6glichkeit, den Jugendlichen ein zu Hause zu schaffen. Au\u00dferdem sieht er die freizeitp\u00e4dagogischen M\u00f6glichkeiten der Jugendheimst\u00e4tten als beste Voraussetzung f\u00fcr seine Arbeit.<\/p>\n\n\n\n<p>Als naturverbundener Mensch mag Frank besonders das Wandern in den H\u00f6henlagen der Alpen und ist au\u00dferdem immer wieder beim Klettern zu finden.<\/p>\n\n\n\n<p class=\"has-drop-cap\"><strong>Thorsten<\/strong>, Erzieher<\/p>\n\n\n\n<center><figure class=\"wp-block-image size-large\"><img loading=\"lazy\" decoding=\"async\" width=\"300\" height=\"169\" src=\"https:\/\/www.jugendheimstaetten-duisburg.de\/wp-content\/uploads\/2020\/08\/Thorsten-300x169-1.jpg\" alt=\"\" class=\"wp-image-7956\"\/><\/figure><\/center>\n\n\n\n<p>\u2026ist seit 1994 bei den Jugendheimst\u00e4tten besch\u00e4ftigt. Durch den Zivildienst im Pflegebereich wurde er sich seiner Affinit\u00e4t zum sozialen Bereich bewusst. Er absolvierte in K\u00f6ln eine Ausbildung zum Erzieher (Freizeitp\u00e4dagoge). Zu den Jugendheimst\u00e4tten kam er durch ein Praktikum und ist nun bereits seit gut 20 Jahren ein fester Bestandteil unseres Teams. Nach 15 Jahren Arbeit an der Zeppelinstra\u00dfe im Gruppendienst, wechselte er im Sommer 2009 an die Gerokstra\u00dfe. Das dortige Wohnprojekt wurde besonders durch seine Ideen aufgebaut.<\/p>\n\n\n\n<p>Hier besteht seine Arbeit darin, die Jugendlichen beim Ordnen ihrer Alltagsstruktur zu unterst\u00fctzen und ihnen beim Verselbst\u00e4ndigungsprozess zu helfen. Eine vertrauliche Beziehung versucht Thorsten durch gemeinsames Erleben, gerade in der Freizeitgestaltung, aufzubauen, um dann zusammen mit dem Jugendlichen dessen Zukunft zu gestalten.<\/p>\n\n\n\n<p>An der Arbeit im Wohnprojekt Gerokstra\u00dfe sch\u00e4tzt er vor allem das selbstst\u00e4ndige Arbeiten und den sichtbaren Fortschritt, der bei der Unterst\u00fctzung der Jugendlichen, deutlich wird. Dabei bietet er im Freizeitbereich regelm\u00e4\u00dfig sportliche Aktivit\u00e4ten, wie Fu\u00dfball, Laufen, Klettern oder Mountainbikefahren an.<\/p>\n","protected":false},"excerpt":{"rendered":"<p>Wir sind Menschen &#8211; Das Lied &#8222;Wir sind Menschen&#8220; entstand im Rahmen des Projekts &#8222;United with Music and Respect&#8220;. Zwei Jugendliche der Jugendheimst\u00e4tten haben es mit Unterst\u00fctzung eines P\u00e4dagogen im Tonstudio aufgenommen und dabei den Gesangs- und Schlagzeugpart \u00fcbernommen. Am 15. M\u00e4rz 2017 wurde es live in der Hochschule D\u00fcsseldorf gespielt. Hier ist es nun &hellip; <\/p>\n<p class=\"link-more\"><a href=\"https:\/\/www.jugendheimstaetten-duisburg.de\/?page_id=39\" class=\"more-link\"><span class=\"screen-reader-text\">\u201eMenschen\u201c <\/span>weiterlesen<\/a><\/p>\n","protected":false},"author":5,"featured_media":0,"parent":8004,"menu_order":1,"comment_status":"closed","ping_status":"closed","template":"","meta":{"footnotes":""},"class_list":["post-39","page","type-page","status-publish","hentry"],"aioseo_notices":[],"_links":{"self":[{"href":"https:\/\/www.jugendheimstaetten-duisburg.de\/index.php?rest_route=\/wp\/v2\/pages\/39","targetHints":{"allow":["GET"]}}],"collection":[{"href":"https:\/\/www.jugendheimstaetten-duisburg.de\/index.php?rest_route=\/wp\/v2\/pages"}],"about":[{"href":"https:\/\/www.jugendheimstaetten-duisburg.de\/index.php?rest_route=\/wp\/v2\/types\/page"}],"author":[{"embeddable":true,"href":"https:\/\/www.jugendheimstaetten-duisburg.de\/index.php?rest_route=\/wp\/v2\/users\/5"}],"replies":[{"embeddable":true,"href":"https:\/\/www.jugendheimstaetten-duisburg.de\/index.php?rest_route=%2Fwp%2Fv2%2Fcomments&post=39"}],"version-history":[{"count":45,"href":"https:\/\/www.jugendheimstaetten-duisburg.de\/index.php?rest_route=\/wp\/v2\/pages\/39\/revisions"}],"predecessor-version":[{"id":8983,"href":"https:\/\/www.jugendheimstaetten-duisburg.de\/index.php?rest_route=\/wp\/v2\/pages\/39\/revisions\/8983"}],"up":[{"embeddable":true,"href":"https:\/\/www.jugendheimstaetten-duisburg.de\/index.php?rest_route=\/wp\/v2\/pages\/8004"}],"wp:attachment":[{"href":"https:\/\/www.jugendheimstaetten-duisburg.de\/index.php?rest_route=%2Fwp%2Fv2%2Fmedia&parent=39"}],"curies":[{"name":"wp","href":"https:\/\/api.w.org\/{rel}","templated":true}]}}